{"id":2461,"date":"2021-11-24T19:14:07","date_gmt":"2021-11-24T18:14:07","guid":{"rendered":"https:\/\/managingnewsroomdiversity.com\/projekt\/"},"modified":"2024-10-27T10:29:19","modified_gmt":"2024-10-27T09:29:19","slug":"projekt","status":"publish","type":"page","link":"https:\/\/managingnewsroomdiversity.com\/pl\/projekt\/","title":{"rendered":"Projekt"},"content":{"rendered":"<p>[et_pb_section fb_built=&#8221;1&#8243; admin_label=&#8221;Speakers&#8221; _builder_version=&#8221;4.16&#8243; background_image=&#8221;https:\/\/managingnewsroomdiversity.com\/wp-content\/uploads\/2021\/11\/bg-4.png&#8221; background_size=&#8221;initial&#8221; background_position=&#8221;top_left&#8221; custom_padding=&#8221;||0px||false|false&#8221; locked=&#8221;off&#8221; global_colors_info=&#8221;{}&#8221;][et_pb_row _builder_version=&#8221;4.16&#8243; global_colors_info=&#8221;{}&#8221;][et_pb_column type=&#8221;4_4&#8243; _builder_version=&#8221;4.16&#8243; custom_padding=&#8221;|||&#8221; global_colors_info=&#8221;{}&#8221; custom_padding__hover=&#8221;|||&#8221;][et_pb_text _builder_version=&#8221;4.16&#8243; text_font=&#8221;||||||||&#8221; text_font_size=&#8221;20px&#8221; text_line_height=&#8221;1.9em&#8221; header_font=&#8221;||||||||&#8221; header_2_font=&#8221;Roboto|300|||||||&#8221; header_2_text_color=&#8221;#999999&#8243; header_2_font_size=&#8221;53px&#8221; header_2_line_height=&#8221;1.2em&#8221; max_width=&#8221;100%&#8221; max_width_tablet=&#8221;&#8221; max_width_phone=&#8221;&#8221; max_width_last_edited=&#8221;on|desktop&#8221; header_2_font_size_tablet=&#8221;40px&#8221; header_2_font_size_phone=&#8221;32px&#8221; header_2_font_size_last_edited=&#8221;on|phone&#8221; locked=&#8221;off&#8221; global_colors_info=&#8221;{}&#8221;]<\/p>\n<h2 style=\"text-align: center;\">Projekt<\/h2>\n<p style=\"text-align: center;\">Projekt \u201eZarz\u0105dzanie r\u00f3\u017cnorodno\u015bci\u0105 jako innowacja w dziennikarstwie\u201d (2021\u20132023) koncentruje si\u0119 na kwestiach g\u0142osu, widoczno\u015bci i uznania jako warunk\u00f3w i wymog\u00f3w demokratycznego uczestnictwa. Projekt ma na celu zbadanie, w jaki spos\u00f3b organizacje medialne definiuj\u0105 r\u00f3\u017cnorodno\u015b\u0107 i jak zarz\u0105dzanie r\u00f3\u017cnorodno\u015bci\u0105 wygl\u0105da w praktyce.<\/p>\n<p style=\"font-weight: 400; text-align: center;\">W projekcie r\u00f3\u017cnorodno\u015b\u0107 definiujemy z perspektywy komunikacyjnej \u2018polifonii\u2019. Tak zdefiniowane \u201ezarz\u0105dzanie r\u00f3\u017cnorodno\u015bci\u0105\u201d staje si\u0119 dynamiczny procesem, w kt\u00f3rym praca redakcji organizowana jest tak, aby r\u00f3\u017cnorodne (pluralistyczne) opinie, tak indywidualne jak i spo\u0142eczne, mog\u0142y si\u0119 w tej redakcji \u2018us\u0142ysze\u0107\u2019. Innymi s\u0142owy, kiedy \u201epolifoniczny\u201d newsroom przemawia (przez wiadomo\u015bci, reporta\u017ce, inne formy pracy dziennikarskiej), wiele g\u0142os\u00f3w (tak indywidualnych, jak i spo\u0142ecznych) przemawia przez niego. Tak rozumiana r\u00f3\u017cnorodno\u015b\u0107 \u2018widoczna mo\u017ce by\u0107 tak w\u015br\u00f3d (wsp\u00f3\u0142)pracownik\u00f3w, jak i produkowanych przez redakcj\u0119 tre\u015bci.<\/p>\n<p>[\/et_pb_text][\/et_pb_column][\/et_pb_row][et_pb_row column_structure=&#8221;1_3,1_3,1_3&#8243; _builder_version=&#8221;4.16&#8243; _module_preset=&#8221;default&#8221; background_color=&#8221;#FFFFFF&#8221; custom_padding=&#8221;||||false|false&#8221; sticky_position=&#8221;top&#8221; sticky_offset_top=&#8221;10px&#8221; sticky_limit_top=&#8221;section&#8221; border_radii=&#8221;on|10px|10px|10px|10px&#8221; locked=&#8221;off&#8221; global_colors_info=&#8221;{}&#8221;][et_pb_column type=&#8221;1_3&#8243; _builder_version=&#8221;4.16&#8243; _module_preset=&#8221;default&#8221; global_colors_info=&#8221;{}&#8221;][et_pb_db_show_hide_button button_url=&#8221;#research-questions&#8221; button_text=&#8221;Pytania badawcze&#8221; button_alignment=&#8221;center&#8221; db_show_on_click=&#8221;#research-questions&#8221; _builder_version=&#8221;4.19.4&#8243; _module_preset=&#8221;default&#8221; custom_button=&#8221;on&#8221; button_text_size=&#8221;14px&#8221; button_text_color=&#8221;#ffffff&#8221; button_bg_color=&#8221;#2e3192&#8243; button_border_width=&#8221;10px&#8221; button_border_color=&#8221;rgba(0,0,0,0)&#8221; button_border_radius=&#8221;100px&#8221; button_letter_spacing=&#8221;3px&#8221; button_font=&#8221;Roboto|700||on|||||&#8221; button_use_icon=&#8221;off&#8221; global_colors_info=&#8221;{}&#8221; button_text_color__hover=&#8221;#ffffff&#8221; button_text_color__hover_enabled=&#8221;on&#8221; button_letter_spacing__hover=&#8221;3px&#8221; button_letter_spacing__hover_enabled=&#8221;on&#8221;][\/et_pb_db_show_hide_button][\/et_pb_column][et_pb_column type=&#8221;1_3&#8243; _builder_version=&#8221;4.16&#8243; _module_preset=&#8221;default&#8221; global_colors_info=&#8221;{}&#8221;][et_pb_db_show_hide_button button_url=&#8221;#three-countries&#8221; button_text=&#8221;Trzy kraje&#8221; button_alignment=&#8221;center&#8221; db_show_on_click=&#8221;#three-countries&#8221; _builder_version=&#8221;4.19.4&#8243; _module_preset=&#8221;default&#8221; custom_button=&#8221;on&#8221; button_text_size=&#8221;14px&#8221; button_text_color=&#8221;#ffffff&#8221; button_bg_color=&#8221;#2e3192&#8243; button_border_width=&#8221;10px&#8221; button_border_color=&#8221;rgba(0,0,0,0)&#8221; button_border_radius=&#8221;100px&#8221; button_letter_spacing=&#8221;3px&#8221; button_font=&#8221;Roboto|700||on|||||&#8221; button_use_icon=&#8221;off&#8221; locked=&#8221;off&#8221; global_colors_info=&#8221;{}&#8221; button_text_color__hover=&#8221;#ffffff&#8221; button_text_color__hover_enabled=&#8221;on&#8221; button_letter_spacing__hover=&#8221;3px&#8221; button_letter_spacing__hover_enabled=&#8221;on&#8221;][\/et_pb_db_show_hide_button][\/et_pb_column][et_pb_column type=&#8221;1_3&#8243; _builder_version=&#8221;4.16&#8243; _module_preset=&#8221;default&#8221; global_colors_info=&#8221;{}&#8221;][et_pb_db_show_hide_button button_url=&#8221;#methodology&#8221; button_text=&#8221;Metodologia&#8221; button_alignment=&#8221;center&#8221; db_show_on_click=&#8221;#methodology&#8221; _builder_version=&#8221;4.19.4&#8243; _module_preset=&#8221;default&#8221; custom_button=&#8221;on&#8221; button_text_size=&#8221;14px&#8221; button_text_color=&#8221;#ffffff&#8221; button_bg_color=&#8221;#2e3192&#8243; button_border_width=&#8221;10px&#8221; button_border_color=&#8221;rgba(0,0,0,0)&#8221; button_border_radius=&#8221;100px&#8221; button_letter_spacing=&#8221;3px&#8221; button_font=&#8221;Roboto|700||on|||||&#8221; button_use_icon=&#8221;off&#8221; locked=&#8221;off&#8221; global_colors_info=&#8221;{}&#8221; button_text_color__hover=&#8221;#ffffff&#8221; button_text_color__hover_enabled=&#8221;on&#8221; button_letter_spacing__hover=&#8221;3px&#8221; button_letter_spacing__hover_enabled=&#8221;on&#8221;][\/et_pb_db_show_hide_button][\/et_pb_column][\/et_pb_row][\/et_pb_section][et_pb_section fb_built=&#8221;1&#8243; admin_label=&#8221;Speakers&#8221; module_id=&#8221;research-questions&#8221; _builder_version=&#8221;4.16&#8243; background_image=&#8221;https:\/\/managingnewsroomdiversity.com\/wp-content\/uploads\/2021\/11\/bg-4.png&#8221; background_size=&#8221;initial&#8221; background_position=&#8221;top_right&#8221; custom_padding=&#8221;||||false|false&#8221; locked=&#8221;off&#8221; global_colors_info=&#8221;{}&#8221;][et_pb_row _builder_version=&#8221;4.16&#8243; global_colors_info=&#8221;{}&#8221;][et_pb_column type=&#8221;4_4&#8243; _builder_version=&#8221;4.16&#8243; custom_padding=&#8221;|||&#8221; global_colors_info=&#8221;{}&#8221; custom_padding__hover=&#8221;|||&#8221;][et_pb_text module_id=&#8221;three-questions&#8221; _builder_version=&#8221;4.19.4&#8243; text_font=&#8221;||||||||&#8221; text_font_size=&#8221;20px&#8221; text_line_height=&#8221;1.9em&#8221; header_font=&#8221;||||||||&#8221; header_2_font=&#8221;Roboto|300|||||||&#8221; header_2_text_color=&#8221;#999999&#8243; header_2_font_size=&#8221;53px&#8221; header_2_line_height=&#8221;1.2em&#8221; max_width=&#8221;100%&#8221; max_width_tablet=&#8221;&#8221; max_width_phone=&#8221;&#8221; max_width_last_edited=&#8221;on|desktop&#8221; header_2_font_size_tablet=&#8221;40px&#8221; header_2_font_size_phone=&#8221;32px&#8221; header_2_font_size_last_edited=&#8221;on|phone&#8221; locked=&#8221;off&#8221; global_colors_info=&#8221;{}&#8221;]<\/p>\n<h2 style=\"text-align: center;\">Pytania badawcze<\/h2>\n<p style=\"text-align: center;\"><strong><\/strong><\/p>\n<p style=\"text-align: center;\"><strong>Projekt szuka odpowiedzi na trzy pytania:<\/strong><\/p>\n<p style=\"text-align: center;\"><strong style=\"font-size: 20px;\">RQ 1.<\/strong> W jaki spos\u00f3b zarz\u0105dzanie r\u00f3\u017cnorodno\u015bci\u0105 jest definiowane, motywowane i wdra\u017cane przez osoby zajmuj\u0105ce r\u00f3\u017cne stanowiska decyzyjne w wybranych redakcjach w Szwecji, Wielkiej Brytanii i Polsce?<\/p>\n<p style=\"text-align: center;\"><strong>RQ 2.<\/strong> Jak dziennikarze i dziennikarki pracuj\u0105cy w redakcjach, w kt\u00f3rych 'zarz\u0105dza si\u0119 r\u00f3\u017cnorodno\u015bci\u0105&#8217;, czuj\u0105 si\u0119 w pracy i jak realizuj\u0105 si\u0119 w dziennikarstwie?\u00a0<\/p>\n<p style=\"text-align: center;\"><strong>RQ 3.<\/strong> Jak osoby nieb\u0119d\u0105ce cz\u0142onkami redakcji (np. przedstawiciele spo\u0142ecze\u0144stwa obywatelskiego), z kt\u00f3rymi redakcje wsp\u00f3\u0142pracuj\u0105 w celu zwi\u0119kszenia r\u00f3\u017cnorodno\u015bci, oceniaj\u0105 wsp\u00f3\u0142prac\u0119 z tymi redakcjami?<\/p>\n<p style=\"text-align: center;\">\n<p>[\/et_pb_text][\/et_pb_column][\/et_pb_row][\/et_pb_section][et_pb_section fb_built=&#8221;1&#8243; admin_label=&#8221;Speakers&#8221; module_id=&#8221;three-countries&#8221; _builder_version=&#8221;4.16&#8243; background_image=&#8221;https:\/\/managingnewsroomdiversity.com\/wp-content\/uploads\/2021\/11\/bg-4.png&#8221; background_size=&#8221;initial&#8221; background_position=&#8221;top_right&#8221; custom_padding=&#8221;||||false|false&#8221; locked=&#8221;off&#8221; global_colors_info=&#8221;{}&#8221;][et_pb_row _builder_version=&#8221;4.16&#8243; global_colors_info=&#8221;{}&#8221;][et_pb_column type=&#8221;4_4&#8243; _builder_version=&#8221;4.16&#8243; custom_padding=&#8221;|||&#8221; global_colors_info=&#8221;{}&#8221; custom_padding__hover=&#8221;|||&#8221;][et_pb_text _builder_version=&#8221;4.16&#8243; text_font=&#8221;||||||||&#8221; text_font_size=&#8221;20px&#8221; text_line_height=&#8221;1.9em&#8221; header_font=&#8221;||||||||&#8221; header_2_font=&#8221;Roboto|300|||||||&#8221; header_2_text_color=&#8221;#999999&#8243; header_2_font_size=&#8221;53px&#8221; header_2_line_height=&#8221;1.2em&#8221; max_width=&#8221;100%&#8221; max_width_tablet=&#8221;&#8221; max_width_phone=&#8221;&#8221; max_width_last_edited=&#8221;on|desktop&#8221; header_2_font_size_tablet=&#8221;40px&#8221; header_2_font_size_phone=&#8221;32px&#8221; header_2_font_size_last_edited=&#8221;on|phone&#8221; locked=&#8221;off&#8221; global_colors_info=&#8221;{}&#8221;]<\/p>\n<h2 style=\"text-align: center;\">Trzy kraje<\/h2>\n<p style=\"text-align: center;\">\n<p style=\"text-align: center;\">Szwecja, Polska i Wielka Brytania reprezentuj\u0105 bardzo r\u00f3\u017cne przypadki, je\u015bli chodzi o tradycj\u0119 zarz\u0105dzania r\u00f3\u017cnorodno\u015bci\u0105. Z jednej strony Wielka Brytania, ze wzgle\u0328du na kolonialne dziedzictwo, ma ro\u0301\u017cnorodne spo\u0142eczen\u0301stwo i d\u0142uga\u0328 tradycje\u0328 zarza\u0328dzania ro\u0301z\u0307norodnos\u0301cia\u0328. Szwecja przechodzi transformacje\u0328, z powodu imigracji i przyjmowania uchodz\u0301co\u0301w, z jednorodnego do bardziej heterogenicznego spo\u0142eczen\u0301stwa, i chociaz\u0307 ma stosunkowo niewielkie dos\u0301wiadczenie w zarza\u0328dzaniu ro\u0301z\u0307norodnos\u0301cia\u0328, nadal reprezentuje spo\u0142eczen\u0301stwo otwarte i liberalne. Z drugiej strony Polska w duz\u0307ej mierze jest krajem homogenicznym, kto\u0301ry w ostatnich latach pojawia\u0142 sie\u0328 w mie\u0328dzynarodowych nag\u0142o\u0301wkach gazet za odmowe\u0328 przestrzegania unijnych kwot dotycza\u0328cych przyjmowania uchodz\u0301co\u0301w, protesty kobiet w obronie praw reprodukcyjnych, czy uchwa\u0142y przyjmowane przez samorza\u0328dy, deklaruja\u0328ce jedn\u0105 trzeci\u0105 gmin w kraju \u201estrefa\u0328 wolna\u0328 od LGBT\u201d.<\/p>\n<p>[\/et_pb_text][\/et_pb_column][\/et_pb_row][\/et_pb_section][et_pb_section fb_built=&#8221;1&#8243; admin_label=&#8221;Speakers&#8221; module_id=&#8221;methodology&#8221; _builder_version=&#8221;4.16&#8243; background_image=&#8221;https:\/\/managingnewsroomdiversity.com\/wp-content\/uploads\/2021\/11\/bg-4.png&#8221; background_size=&#8221;initial&#8221; background_position=&#8221;top_left&#8221; custom_padding=&#8221;||||false|false&#8221; locked=&#8221;off&#8221; global_colors_info=&#8221;{}&#8221;][et_pb_row _builder_version=&#8221;4.16&#8243; global_colors_info=&#8221;{}&#8221;][et_pb_column type=&#8221;4_4&#8243; _builder_version=&#8221;4.16&#8243; custom_padding=&#8221;|||&#8221; global_colors_info=&#8221;{}&#8221; custom_padding__hover=&#8221;|||&#8221;][et_pb_text _builder_version=&#8221;4.19.4&#8243; text_font=&#8221;||||||||&#8221; text_font_size=&#8221;20px&#8221; text_line_height=&#8221;1.9em&#8221; header_font=&#8221;||||||||&#8221; header_2_font=&#8221;Roboto|300|||||||&#8221; header_2_text_color=&#8221;#999999&#8243; header_2_font_size=&#8221;53px&#8221; header_2_line_height=&#8221;1.2em&#8221; max_width=&#8221;100%&#8221; max_width_tablet=&#8221;&#8221; max_width_phone=&#8221;&#8221; max_width_last_edited=&#8221;on|desktop&#8221; header_2_font_size_tablet=&#8221;40px&#8221; header_2_font_size_phone=&#8221;32px&#8221; header_2_font_size_last_edited=&#8221;on|phone&#8221; locked=&#8221;off&#8221; global_colors_info=&#8221;{}&#8221;]<\/p>\n<h2 style=\"text-align: center;\">Metodologia<\/h2>\n<p style=\"text-align: center;\">W projekcie traktujemy innowacj\u0119 z perspektywy konstruktywistycznej i rozumiemy j\u0105 jako proces spo\u0142eczno-ekonomiczny. Poniewa\u017c \u201epolifonia\u201d jest z natury relacyjna i dialogiczna, naszym celem jest zbadanie mikroproces\u00f3w, kt\u00f3re stwarzaj\u0105 dziennikarzom przestrze\u0144 na \u201ewyra\u017canie\u201d w swojej pracy r\u00f3\u017cnorodnych opinii, tak indywidualnych jak i spo\u0142ecznych. Skupienie si\u0119 na perspektywie mikrosocjologicznej, czyli codziennych praktykach i warunkach, kt\u00f3re sprzyjaj\u0105 polifonii newsroom\u00f3w, pozwala nada\u0107 innowacji spo\u0142ecznej nowych, strukturalnych cech. Metodologi\u0119 badania zaprojektowano tak, aby sta\u0142a si\u0119 kompleksow\u0105 soczewk\u0119 do przyjrzenia si\u0119 dynamice mikrospo\u0142ecznych \u201epolifonicznych\u201d innowacji w zarz\u0105dzaniu wybranymi redakcjami.<span> <\/span><\/p>\n<p style=\"text-align: center;\">Projekt rozpocz\u0105\u0142 si\u0119 badaniem tzw. \u201eokna mo\u017cliwo\u015bci\u201d (Czarniawska, 2021: 37), maj\u0105cym na celu znalezienie i wybranie \u201eteren\u00f3w\u201d badawczych (newsroom\u00f3w i organizacji medialnych), w kt\u00f3rych dzieje si\u0119 co\u015b ciekawego (i potencjalnie innowacyjnego) w obszarze zarz\u0105dzania r\u00f3\u017cnorodno\u015bci\u0105.<span> <\/span>W dalszej cz\u0119\u015bci badania przeprowadzone zosta\u0142y r\u00f3\u017cne<span> rodzaje wywiad\u00f3w, w tym: <strong>wywiady \u2018narracyjne\u2019<\/strong> (z kadr\u0105 zarz\u0105dzaj\u0105c\u0105, specjalistami ds. r\u00f3\u017cnorodno\u015bci, wydawcami, dziennikarzami), <strong>wywiady \u2018obserwacyjne\u2019<\/strong> (poprzez technik\u0119 tzw. dziennika osoby badanej, z rozm\u00f3wcami pe\u0142ni\u0105cymi rol\u0119 \u201ewewn\u0119trznych obserwator\u00f3w\u201d dla zespo\u0142u badawczego) i wreszcie <strong>wywiady \u2018dialoguj\u0105ce\u2019<\/strong> (w formie grup fokusowych, w kt\u00f3rych uczestnicy \u201erozmawiaj\u0105\u201d ze sob\u0105 za pomoc\u0105 swoich \u201edziennik\u00f3w\u201d) (tam\u017ce: 55). Czarniawska, B. (2021). <em>Badacz w terenie. Pisarz przy biurku.<\/em> \u0141\u00f3d\u017a: Wydawnictwo SIZ.<\/span><\/p>\n<p style=\"text-align: center;\"><a href=\"https:\/\/managingnewsroomdiversity.com\/wp-content\/uploads\/2022\/03\/Diversity%20management%20as%20innovation%20in%20journalism%20-%20Concept%20Note.pdf\" target=\"_blank\" rel=\"noopener\">Pobierz not\u0119 koncepcyjn\u0105 \u2013 metodologia (w j\u0119zyku angielskim).<\/a><\/p>\n<p>[\/et_pb_text][\/et_pb_column][\/et_pb_row][\/et_pb_section]<\/p>\n","protected":false},"excerpt":{"rendered":"<p>Projekt Projekt \u201eZarz\u0105dzanie r\u00f3\u017cnorodno\u015bci\u0105 jako innowacja w dziennikarstwie\u201d (2021\u20132023) koncentruje si\u0119 na kwestiach g\u0142osu, widoczno\u015bci i uznania jako warunk\u00f3w i wymog\u00f3w demokratycznego uczestnictwa. Projekt ma na celu zbadanie, w jaki spos\u00f3b organizacje medialne definiuj\u0105 r\u00f3\u017cnorodno\u015b\u0107 i jak zarz\u0105dzanie r\u00f3\u017cnorodno\u015bci\u0105 wygl\u0105da w praktyce. W projekcie r\u00f3\u017cnorodno\u015b\u0107 definiujemy z perspektywy komunikacyjnej \u2018polifonii\u2019. Tak zdefiniowane \u201ezarz\u0105dzanie r\u00f3\u017cnorodno\u015bci\u0105\u201d staje [&hellip;]<\/p>\n","protected":false},"author":1,"featured_media":0,"parent":0,"menu_order":0,"comment_status":"closed","ping_status":"closed","template":"","meta":{"_et_pb_use_builder":"on","_et_pb_old_content":"","_et_gb_content_width":"","footnotes":""},"class_list":["post-2461","page","type-page","status-publish","hentry"],"_links":{"self":[{"href":"https:\/\/managingnewsroomdiversity.com\/pl\/wp-json\/wp\/v2\/pages\/2461"}],"collection":[{"href":"https:\/\/managingnewsroomdiversity.com\/pl\/wp-json\/wp\/v2\/pages"}],"about":[{"href":"https:\/\/managingnewsroomdiversity.com\/pl\/wp-json\/wp\/v2\/types\/page"}],"author":[{"embeddable":true,"href":"https:\/\/managingnewsroomdiversity.com\/pl\/wp-json\/wp\/v2\/users\/1"}],"replies":[{"embeddable":true,"href":"https:\/\/managingnewsroomdiversity.com\/pl\/wp-json\/wp\/v2\/comments?post=2461"}],"version-history":[{"count":10,"href":"https:\/\/managingnewsroomdiversity.com\/pl\/wp-json\/wp\/v2\/pages\/2461\/revisions"}],"predecessor-version":[{"id":2990,"href":"https:\/\/managingnewsroomdiversity.com\/pl\/wp-json\/wp\/v2\/pages\/2461\/revisions\/2990"}],"wp:attachment":[{"href":"https:\/\/managingnewsroomdiversity.com\/pl\/wp-json\/wp\/v2\/media?parent=2461"}],"curies":[{"name":"wp","href":"https:\/\/api.w.org\/{rel}","templated":true}]}}